{"id":11049,"date":"2025-08-31T15:32:31","date_gmt":"2025-08-31T13:32:31","guid":{"rendered":"https:\/\/dasgesundheitswesen.de\/2025\/?page_id=11049"},"modified":"2025-09-01T14:18:05","modified_gmt":"2025-09-01T12:18:05","slug":"informationspflichten","status":"publish","type":"page","link":"https:\/\/dasgesundheitswesen.de\/2025\/informationspflichten\/","title":{"rendered":"Informationspflichten"},"content":{"rendered":"\t\t<div data-elementor-type=\"wp-page\" data-elementor-id=\"11049\" class=\"elementor elementor-11049\" data-elementor-post-type=\"page\">\n\t\t\t\t<div class=\"elementor-element elementor-element-9c0f38c e-flex e-con-boxed sc_layouts_column_icons_position_left e-con e-parent\" data-id=\"9c0f38c\" data-element_type=\"container\">\n\t\t\t\t\t<div class=\"e-con-inner\">\n\t\t<div class=\"elementor-element elementor-element-6dbd988 e-con-full e-flex sc_layouts_column_icons_position_left e-con e-child\" data-id=\"6dbd988\" data-element_type=\"container\">\n\t\t\t\t<div data-animation-type=\"block\" class=\"elementor-element elementor-element-b574301 animation_type_block sc_fly_static elementor-invisible elementor-widget elementor-widget-heading\" data-id=\"b574301\" data-element_type=\"widget\" data-settings=\"{&quot;_animation&quot;:&quot;ta_fadeinup&quot;}\" data-widget_type=\"heading.default\">\n\t\t\t\t<div class=\"elementor-widget-container\">\n\t\t\t\t\t<h6 class=\"elementor-heading-title elementor-size-default\">Franz + Wenke<\/h6>\t\t\t\t<\/div>\n\t\t\t\t<\/div>\n\t\t\t\t<div data-animation-type=\"block\" class=\"elementor-element elementor-element-8b062d1 elementor-widget__width-initial elementor-widget-tablet__width-inherit animation_type_block sc_fly_static elementor-invisible elementor-widget elementor-widget-heading\" data-id=\"8b062d1\" data-element_type=\"widget\" data-settings=\"{&quot;_animation&quot;:&quot;ta_fadeinup&quot;,&quot;_animation_delay&quot;:100}\" data-widget_type=\"heading.default\">\n\t\t\t\t<div class=\"elementor-widget-container\">\n\t\t\t\t\t<h1 class=\"elementor-heading-title elementor-size-default\">Informationspflichten.<\/h1>\t\t\t\t<\/div>\n\t\t\t\t<\/div>\n\t\t\t\t<\/div>\n\t\t\t\t\t<\/div>\n\t\t\t\t<\/div>\n\t\t<div data-animation-type=\"block\" class=\"elementor-element elementor-element-c92348a e-flex e-con-boxed sc_layouts_column_icons_position_left animation_type_block elementor-invisible e-con e-parent\" data-id=\"c92348a\" data-element_type=\"container\" data-settings=\"{&quot;animation&quot;:&quot;ta_fadeinup&quot;}\">\n\t\t\t\t\t<div class=\"e-con-inner\">\n\t\t<div class=\"elementor-element elementor-element-939b410 e-con-full e-flex sc_layouts_column_icons_position_left e-con e-child\" data-id=\"939b410\" data-element_type=\"container\">\n\t\t\t\t<div class=\"elementor-element elementor-element-0b6d231 sc_fly_static elementor-widget elementor-widget-text-editor\" data-id=\"0b6d231\" data-element_type=\"widget\" data-widget_type=\"text-editor.default\">\n\t\t\t\t<div class=\"elementor-widget-container\">\n\t\t\t\t\t\t\t\t\t<div class=\"elementor-element elementor-element-a3bd9dd ueberschrift elementor-widget elementor-widget-text-editor\" data-id=\"a3bd9dd\" data-element_type=\"widget\" data-widget_type=\"text-editor.default\"><div class=\"elementor-widget-container\"><p><strong>1. Name und Kontaktdaten des f\u00fcr die Verarbeitung Verantwortlichen sowie des betrieblichen Datenschutzbeauftragten<\/strong><\/p><\/div><\/div><div class=\"elementor-element elementor-element-b4bf685 text elementor-widget elementor-widget-text-editor\" data-id=\"b4bf685\" data-element_type=\"widget\" data-widget_type=\"text-editor.default\"><div class=\"elementor-widget-container\"><p>Diese Informationen gelten f\u00fcr die Datenverarbeitung durch:<\/p><p>Verantwortlicher: Franz + Wenke GmbH, vertreten durch die Gesch\u00e4ftsf\u00fchrer PD Dr. med. Dominik Franz und Andreas Wenke, Technologiehof, Mendelstra\u00dfe 11, 48149 M\u00fcnster, Telefon: +49 (0)251 \/ 149 824 10, Fax: +49 (0)251 \/ 149 824 13, Web: www.dasgesundheitswesen.de, E-Mail:\u00a0info@dasgesundheitswesen.de<\/p><p>Der betriebliche Datenschutzbeauftragte der Franz + Wenke GmbH ist unter der o.g. Anschrift, zu Hd. Herrn Hagen Albus, beziehungsweise unter\u00a0datenschutz@dasgesundheitswesen.de\u00a0oder\u00a0hagen.albus@jurcons.de\u00a0erreichbar.<\/p><\/div><\/div><div class=\"elementor-element elementor-element-1f355c2 ueberschrift elementor-widget elementor-widget-text-editor\" data-id=\"1f355c2\" data-element_type=\"widget\" data-widget_type=\"text-editor.default\"><div class=\"elementor-widget-container\"><p><strong>2. Erhebung und Speicherung personenbezogener Daten sowie Art und Zweck und deren Verwendung<\/strong><\/p><\/div><\/div><div class=\"elementor-element elementor-element-3124720 text elementor-widget elementor-widget-text-editor\" data-id=\"3124720\" data-element_type=\"widget\" data-widget_type=\"text-editor.default\"><div class=\"elementor-widget-container\"><p>Die Franz + Wenke GmbH erhebt zu unterschiedlichen Zwecken und im unterschiedlichen Umfang personenbezogene Daten. Im Einzelnen ergeben sich aus dem T\u00e4tigkeitsbereich folgende Datenverarbeitungen:<\/p><p><strong>a) Anmeldung zum Seminar (offenes Seminar, Webinar und Inhouse-Schulung) und Abwicklung<\/strong><\/p><p>Die Franz + Wenke GmbH erhebt nur die zur Erf\u00fcllung der vertraglichen Pflichten mit Ihnen, die dieser im Rahmen Ihrer Seminaranmeldung und der Abwicklung obliegen, notwendigen personenbezogenen Daten. Die Anmeldung ist \u00fcber die Website, per Fax oder postalisch m\u00f6glich. Dabei werden zwingend Vorname, Nachname, Institution, Anschrift, Telefonnummer und E-Mail-Adresse ben\u00f6tigt.<\/p><p>Die Erhebung dieser Daten erfolgt,<\/p><ul><li>um Sie als den Seminarteilnehmer identifizieren zu k\u00f6nnen;<\/li><li>um den Zahlungsverkehr abwickeln zu k\u00f6nnen;<\/li><li>zur Geltendmachung etwaiger Anspr\u00fcche gegen Sie im Falle des Zahlungsausfalls.<\/li><\/ul><p>Die Datenverarbeitung erfolgt auf Ihre Anfrage hin und ist nach Art. 6 Abs. 1 S. 1 lit. b DSGVO zu den genannten Zwecken f\u00fcr die angemessene Bearbeitung des Vertragsverh\u00e4ltnisses und f\u00fcr die beidseitige Erf\u00fcllung von Verpflichtungen aus dem Vertragsverh\u00e4ltnis erforderlich. Dar\u00fcber hinaus besteht seitens der Franz + Wenke GmbH ein berechtigtes Interesse an der Erhebung der Daten im Sinne von Art. 6 Abs. 1 lit. f DS-GVO. So dienen die Daten der Pr\u00fcfung, ob die am Seminar teilnehmende Person sich vorab zum Seminar angemeldet hat und somit keine unberechtigte Teilnahme am Seminar besteht.<\/p><p>Die f\u00fcr den Vertragsschluss und die Vertragsabwicklung von der Franz + Wenke GmbH erhobenen personenbezogenen Daten werden bis zum Ablauf von gesetzlichen Verj\u00e4hrungsfristen (grunds\u00e4tzlich: 3 Jahre, beginnend mit dem Schluss des Jahres, in dem ein Anspruch entstanden ist) gespeichert und danach gel\u00f6scht, es sei denn, dass sie nach Artikel 6 Abs. 1 S. 1 lit. c DSGVO aufgrund von steuer- und handelsrechtlichen Aufbewahrungs- und Dokumentationspflichten (aus HGB, StGB oder AO) zu einer l\u00e4ngeren Speicherung verpflichtet ist oder Sie in eine dar\u00fcberhinausgehende Speicherung nach Art. 6 Abs. 1 S. 1 lit. a DSGVO eingewilligt haben.<\/p><p>Zur Durchf\u00fchrung der Webinare verwendet die Franz + Wenke GmbH die Software Zoom der Fa. Zoom Video Communications Inc., 55 Almaden Boulevard, 6th Floor, San Jose, Ca 95113, USA.<\/p><p>Bei der Nutzung von Zoom werden die folgenden Datenarten verarbeitet:<\/p><ul><li>Vorname, Nachname<\/li><li>Telefonnummer (optional)<\/li><li>E-Mail-Adresse<\/li><li>Profilbild (optional)<\/li><li>Abteilung (optional)<\/li><li>IP-Adresse<\/li><li>Ger\u00e4te-\/Hardware-Informationen<\/li><li>\u00c4u\u00dferes Erscheinungsbild sowie die Stimme bei Video- und\/oder Tonaufzeichnungen<\/li><li>Telefonnummer bei Einwahl mit einem Telefon<\/li><li>Eingegebener Text bei Nutzung der Chat-, Fragen- und Umfragefunktion<\/li><\/ul><p>Die Verarbeitung der Daten durch Zoom findet au\u00dferhalb der Europ\u00e4ischen Union, in den USA statt. Zur Einhaltung der datenschutzrechtlichen Bestimmungen wurde mit der Fa. Zoom Video Communications Inc. ein Auftragsverarbeitungsvertrag geschlossen. Zudem ist durch den Abschluss von Standardvertragsklauseln sichergestellt, dass auch bei der Verarbeitung von personenbezogenen Daten au\u00dferhalb der EU die Vorgaben der DSGVO umgesetzt werden.<\/p><p>Weitere Informationen zum Datenschutz bei Zoom k\u00f6nnen Sie hier einsehen: <a href=\"https:\/\/zoom.us\/de-de\/privacy.html\">https:\/\/zoom.us\/de-de\/privacy.html<\/a><\/p><p><strong>b) Anmeldung zum Newsletter<\/strong><\/p><p>Die Franz + Wenke GmbH informiert ihre Kunden und Gesch\u00e4ftspartner in regelm\u00e4\u00dfigen Abst\u00e4nden im Wege eines Newsletters \u00fcber Angebote des Unternehmens. Der Newsletter kann von der betroffenen Person grunds\u00e4tzlich nur dann empfangen werden, wenn (1) die betroffene Person \u00fcber eine g\u00fcltige E-Mail-Adresse verf\u00fcgt und (2) die betroffene Person sich f\u00fcr den Newsletterversand registriert.<\/p><p>Die Anmeldung kann \u2013 neben der Anmeldung \u00fcber die Internetseite \u2013 durch ein in den Seminaren ausgeteiltes Anmeldeformular erfolgen. Bei der Anmeldung ist zwingend die E-Mail-Adresse anzugeben. Dar\u00fcber hinaus kann der Betroffene seinen Vor- und Nachnamen freiwillig angeben.<\/p><p>F\u00fcr den Newsletterversand nutzt die Franz + Wenke GmbH MailChimp. Hierbei handelt es sich um einen Dienst der Fa. The Rocket Science Group LLC, 675 Ponce de Leon Ave NE, Suite 5000, Atlanta, GA 30308, USA.<\/p><p>Es bestehen die Standardvertragslauseln. Hierdurch wird sichergestellt, dass The Rocket Science Group LLC bei MailChimp alle Datenschutzvorgaben der EU einh\u00e4lt.<\/p><p>Weitergehende Informationen zum Datenschutz bei MailChimp finden Sie unter:\u00a0<a href=\"https:\/\/mailchimp.com\/legal\/privacy\/\">https:\/\/mailchimp.com\/legal\/privacy\/<\/a><\/p><p>Die erhobenen Daten werden solange gespeichert, wie der Betroffene die Zusendung des Newsletters w\u00fcnscht. Wird die Zusendung des Newsletters nicht mehr gew\u00fcnscht, werden alle erhobenen Daten unverz\u00fcglich gel\u00f6scht.<\/p><p>Die Einbettung und Auswertung der Z\u00e4hlpixel erfolgt gem. Art. 6 Abs. 1 S. 1 lit. a DSGVO<\/p><p>Die Newsletter der Franz + Wenke GmbH enthalten Z\u00e4hlpixel. Ein Z\u00e4hlpixel ist eine Miniaturgrafik, die in solche E-Mails eingebettet wird, welche im HTML-Format versendet werden, um eine Logdatei-Aufzeichnung und eine Logdatei-Analyse zu erm\u00f6glichen. Dadurch kann eine statistische Auswertung des Erfolges oder Misserfolges von Online-Marketing-Kampagnen durchgef\u00fchrt werden. Anhand des eingebetteten Z\u00e4hlpixels kann die Franz + Wenke GmbH erkennen, ob und wann eine E-Mail von einer betroffenen Person ge\u00f6ffnet wurde und welche in der E-Mail befindlichen Links von der betroffenen Person aufgerufen wurden. Solche \u00fcber die in den Newslettern enthaltenen Z\u00e4hlpixel erhobenen personenbezogenen Daten, werden von der Franz + Wenke GmbH gespeichert und ausgewertet, um den Newsletterversand zu optimieren und den Inhalt zuk\u00fcnftiger Newsletter noch besser den Interessen der betroffenen Person anzupassen.<\/p><p><strong>c) Revision von Patientenakten<\/strong><\/p><p>Die Franz + Wenke GmbH \u00fcberpr\u00fcft f\u00fcr Krankenh\u00e4user und Versicherungen Patientenakten auf die ordnungsgem\u00e4\u00dfe Abrechnung hin.<\/p><p>Sofern die Franze + Wenke GmbH Ihre Patientenakte pr\u00fcft, werden dabei die sich aus \u00a7 21 KHEntG ergebenden personenbezogenen Daten verarbeitet. Hierbei handelt es sich im Einzelnen um folgende Datenkategorien:<\/p><ol><li>unver\u00e4nderbarer Teil Ihrer Krankenversichertennummer nach \u00a7 290 Absatz 1 Satz 2 des F\u00fcnften Buches Sozialgesetzbuch oder, sofern eine Krankenversichertennummer nicht besteht, das krankenhausinterne Kennzeichen des Behandlungsfalles,<\/li><li>Institutionskennzeichen des Krankenhauses, ab dem 1. Januar 2020 dessen Kennzeichen nach \u00a7 293 Absatz 6 des F\u00fcnften Buches Sozialgesetzbuch f\u00fcr den aufnehmenden, den weiterbehandelnden und den entlassenden Standort sowie bei einer nach Standorten differenzierten Festlegung des Versorgungsauftrags bis zum 30. Juni 2020 zus\u00e4tzlich Kennzeichen f\u00fcr den entlassenden Standort,<\/li><li>Institutionskennzeichen der Krankenkasse,<\/li><li>Ihr Geburtsjahr und Geschlecht sowie Ihre Postleitzahl und Wohnort, in den Stadtstaaten der Stadtteil, bei Kindern bis zur Vollendung des ersten Lebensjahres au\u00dferdem der Geburtsmonat,<\/li><li>Aufnahmedatum, Aufnahmegrund und -anlass, aufnehmende Fachabteilung, bei Verlegung die der weiter behandelnden Fachabteilungen, und der dazugeh\u00f6rigen Zeitr\u00e4ume, Zeitr\u00e4ume der Intensivbehandlung, Entlassungs- oder Verlegungsdatum, Entlassungs- oder Verlegungsgrund, bei Kindern bis zur Vollendung des ersten Lebensjahres au\u00dferdem das Aufnahmegewicht in Gramm,<\/li><li>Haupt- und Nebendiagnosen sowie Datum und Art der durchgef\u00fchrten Operationen und Prozeduren nach den jeweils g\u00fcltigen Fassungen der Schl\u00fcssel nach \u00a7 301 Abs. 2 Satz 1 und 2 des F\u00fcnften Buches Sozialgesetzbuch, einschlie\u00dflich der Angabe der jeweiligen Versionen, bei Beatmungsf\u00e4llen die Beatmungszeit in Stunden entsprechend der Kodierregeln nach \u00a7 17b Abs. 5 Nr. 1 des Krankenhausfinanzierungsgesetzes und Angabe, ob durch Belegoperateur, -an\u00e4sthesist oder Beleghebamme erbracht,<\/li><li>Art aller im einzelnen Behandlungsfall abgerechneten Entgelte,<\/li><li>H\u00f6he aller im einzelnen Behandlungsfall abgerechneten Entgelte.<\/li><\/ol><p>In einzelnen F\u00e4llen kann es zudem vorkommen, dass der Franz + Wenke GmbH eine ungeschw\u00e4rzte Patientenakte von der beauftragenden Institution \u00fcbersandt wird. In diesem Fall erh\u00e4lt die Franz + Wenke GmbH Kenntnis \u00fcber Ihren Vor- und Nachnamen.<\/p><p>Die Erm\u00e4chtigungsgrundlage f\u00fcr diese Verarbeitung folgt aus Art. 6 Abs. 1 S. 1 lit. f DSGVO. Diese erfolgt aus dem berechtigten Interesse eines Dritten, hier der beauftragenden Institution. Die Pr\u00fcfung dient der vollst\u00e4ndigen Abrechnung der erbrachten Heilbehandlung. Krankenh\u00e4usern sollen vor dem Hintergrund der Wirtschaftlichkeit ihre erbrachten Leistungen vollst\u00e4ndigen abrechnen. Krankenversicherungen sollen vor einer \u00dcberbeanspruchung bewahrt werden.<\/p><p>Die f\u00fcr die Revision von Patientenunterlagen von der Franz + Wenke GmbH erhobenen personenbezogenen Daten werden bis zum Ablauf von gesetzlichen Verj\u00e4hrungsfristen (grunds\u00e4tzlich: 3 Jahre, beginnend mit dem Schluss des Jahres, in dem ein Anspruch entstanden ist) gespeichert und danach gel\u00f6scht, es sei denn, dass sie nach Artikel 6 Abs. 1 S. 1 lit. c DSGVO aufgrund von steuer- und handelsrechtlichen Aufbewahrungs- und Dokumentationspflichten (aus HGB, StGB oder AO) zu einer l\u00e4ngeren Speicherung verpflichtet ist oder Sie in eine dar\u00fcberhinausgehende Speicherung nach Art. 6 Abs. 1 S. 1 lit. a DSGVO eingewilligt haben.<\/p><\/div><\/div><div class=\"elementor-element elementor-element-fb328c9 ueberschrift elementor-widget elementor-widget-text-editor\" data-id=\"fb328c9\" data-element_type=\"widget\" data-widget_type=\"text-editor.default\"><div class=\"elementor-widget-container\"><p><strong>3.\u00a0<\/strong><strong>Betroffenenrechte<\/strong><\/p><\/div><\/div><div class=\"elementor-element elementor-element-8af0fb2 text elementor-widget elementor-widget-text-editor\" data-id=\"8af0fb2\" data-element_type=\"widget\" data-widget_type=\"text-editor.default\"><div class=\"elementor-widget-container\"><p>Sie haben das Recht:<\/p><ul><li>gem\u00e4\u00df Art. 7 Abs. 3 DSGVO eine einmal erteilte Einwilligung jederzeit gegen\u00fcber uns zu widerrufen. Dies hat zur Folge, dass wir die Datenverarbeitung, die auf dieser Einwilligung beruhte, f\u00fcr die Zukunft nicht mehr fortf\u00fchren d\u00fcrfen;<\/li><li>gem\u00e4\u00df Art. 15 DSGVO Auskunft \u00fcber Ihre von uns verarbeiteten personenbezogenen Daten zu verlangen. Insbesondere k\u00f6nnen Sie Auskunft \u00fcber die Verarbeitungszwecke, die Kategorie der personenbezogenen Daten, die Kategorien von Empf\u00e4ngern, gegen\u00fcber denen Ihre Daten offengelegt wurden oder werden, die geplante Speicherdauer, das Bestehen eines Rechts auf Berichtigung, L\u00f6schung, Einschr\u00e4nkung der Verarbeitung oder Widerspruch, das Bestehen eines Beschwerderechts, die Herkunft ihrer Daten, sofern diese nicht bei uns erhoben wurden, sowie \u00fcber das Bestehen einer automatisierten Entscheidungsfindung einschlie\u00dflich Profiling und ggf. aussagekr\u00e4ftigen Informationen zu deren Einzelheiten verlangen;<\/li><li>gem\u00e4\u00df Art. 16 DSGVO unverz\u00fcglich die Berichtigung unrichtiger oder Vervollst\u00e4ndigung Ihrer bei uns gespeicherten personenbezogenen Daten zu verlangen;<\/li><li>gem\u00e4\u00df Art. 17 DSGVO die L\u00f6schung Ihrer bei uns gespeicherten personenbezogenen Daten zu verlangen, soweit nicht die Verarbeitung zur Aus\u00fcbung des Rechts auf freie Meinungs\u00e4u\u00dferung und Information, zur Erf\u00fcllung einer rechtlichen Verpflichtung, aus Gr\u00fcnden des \u00f6ffentlichen Interesses oder zur Geltendmachung, Aus\u00fcbung oder Verteidigung von Rechtsanspr\u00fcchen erforderlich ist;<\/li><li>gem\u00e4\u00df Art. 18 DSGVO die Einschr\u00e4nkung der Verarbeitung Ihrer personenbezogenen Daten zu verlangen, soweit die Richtigkeit der Daten von Ihnen bestritten wird, die Verarbeitung unrechtm\u00e4\u00dfig ist, Sie aber deren L\u00f6schung ablehnen und wir die Daten nicht mehr ben\u00f6tigen, Sie jedoch diese zur Geltendmachung, Aus\u00fcbung oder Verteidigung von Rechtsanspr\u00fcchen ben\u00f6tigen oder Sie gem\u00e4\u00df Art. 21 DSGVO Widerspruch gegen die Verarbeitung eingelegt haben;<\/li><li>gem\u00e4\u00df Art. 20 DSGVO Ihre personenbezogenen Daten, die Sie uns bereitgestellt haben, in einem strukturierten, g\u00e4ngigen und maschinenlesebaren Format zu erhalten oder die \u00dcbermittlung an einen anderen Verantwortlichen zu verlangen und<\/li><li>gem\u00e4\u00df Art. 77 DSGVO sich bei einer Aufsichtsbeh\u00f6rde zu beschweren. In der Regel k\u00f6nnen Sie sich hierf\u00fcr an die Aufsichtsbeh\u00f6rde Ihres \u00fcblichen Aufenthaltsortes oder Arbeitsplatzes oder unseres Firmensitzes wenden.<\/li><\/ul><\/div><\/div><div class=\"elementor-element elementor-element-1cb0d63 ueberschrift elementor-widget elementor-widget-text-editor\" data-id=\"1cb0d63\" data-element_type=\"widget\" data-widget_type=\"text-editor.default\"><div class=\"elementor-widget-container\"><p><strong>4.\u00a0<\/strong><strong>Widerspruchsrecht<\/strong><\/p><\/div><\/div><div class=\"elementor-element elementor-element-5ad67d4 text elementor-widget elementor-widget-text-editor\" data-id=\"5ad67d4\" data-element_type=\"widget\" data-widget_type=\"text-editor.default\"><div class=\"elementor-widget-container\"><p>Sofern Ihre personenbezogenen Daten auf Grundlage von berechtigten Interessen gem\u00e4\u00df Art. 6 Abs. 1 S. 1 lit. f DSGVO verarbeitet werden, haben Sie das Recht, gem\u00e4\u00df Art. 21 DSGVO Widerspruch gegen die Verarbeitung Ihrer personenbezogenen Daten einzulegen, soweit daf\u00fcr Gr\u00fcnde vorliegen, die sich aus Ihrer besonderen Situation ergeben. M\u00f6chten Sie von Ihrem Widerspruchsrecht Gebrauch machen, gen\u00fcgt eine E-Mail an info@dasgesundheitswesen.de.<\/p><\/div><\/div>\t\t\t\t\t\t\t\t<\/div>\n\t\t\t\t<\/div>\n\t\t\t\t<\/div>\n\t\t\t\t\t<\/div>\n\t\t\t\t<\/div>\n\t\t\t\t<\/div>\n\t\t","protected":false},"excerpt":{"rendered":"<p>Franz + Wenke Informationspflichten. 1. Name und Kontaktdaten des f\u00fcr die Verarbeitung Verantwortlichen sowie des betrieblichen Datenschutzbeauftragten Diese Informationen gelten f\u00fcr die Datenverarbeitung durch: Verantwortlicher: Franz + Wenke GmbH, vertreten durch die Gesch\u00e4ftsf\u00fchrer PD Dr. med. Dominik Franz und Andreas&hellip;<\/p>\n","protected":false},"author":1,"featured_media":0,"parent":0,"menu_order":0,"comment_status":"closed","ping_status":"closed","template":"","meta":{"inline_featured_image":false,"_price":"","_stock":"","_tribe_ticket_header":"","_tribe_default_ticket_provider":"","_tribe_ticket_capacity":"0","_ticket_start_date":"","_ticket_end_date":"","_tribe_ticket_show_description":"","_tribe_ticket_show_not_going":false,"_tribe_ticket_use_global_stock":"","_tribe_ticket_global_stock_level":"","_global_stock_mode":"","_global_stock_cap":"","_tribe_rsvp_for_event":"","_tribe_ticket_going_count":"","_tribe_ticket_not_going_count":"","_tribe_tickets_list":"[]","_tribe_ticket_has_attendee_info_fields":false,"footnotes":"","_tec_slr_enabled":"","_tec_slr_layout":""},"class_list":["post-11049","page","type-page","status-publish","hentry"],"ticketed":false,"_links":{"self":[{"href":"https:\/\/dasgesundheitswesen.de\/2025\/wp-json\/wp\/v2\/pages\/11049","targetHints":{"allow":["GET"]}}],"collection":[{"href":"https:\/\/dasgesundheitswesen.de\/2025\/wp-json\/wp\/v2\/pages"}],"about":[{"href":"https:\/\/dasgesundheitswesen.de\/2025\/wp-json\/wp\/v2\/types\/page"}],"author":[{"embeddable":true,"href":"https:\/\/dasgesundheitswesen.de\/2025\/wp-json\/wp\/v2\/users\/1"}],"replies":[{"embeddable":true,"href":"https:\/\/dasgesundheitswesen.de\/2025\/wp-json\/wp\/v2\/comments?post=11049"}],"version-history":[{"count":4,"href":"https:\/\/dasgesundheitswesen.de\/2025\/wp-json\/wp\/v2\/pages\/11049\/revisions"}],"predecessor-version":[{"id":11066,"href":"https:\/\/dasgesundheitswesen.de\/2025\/wp-json\/wp\/v2\/pages\/11049\/revisions\/11066"}],"wp:attachment":[{"href":"https:\/\/dasgesundheitswesen.de\/2025\/wp-json\/wp\/v2\/media?parent=11049"}],"curies":[{"name":"wp","href":"https:\/\/api.w.org\/{rel}","templated":true}]}}